{"id":2,"date":"2019-02-09T16:24:41","date_gmt":"2019-02-09T16:24:41","guid":{"rendered":"http:\/\/www.neicut.com\/?page_id=2"},"modified":"2024-07-20T13:46:53","modified_gmt":"2024-07-20T11:46:53","slug":"servicii","status":"publish","type":"page","link":"https:\/\/www.neicut.com\/index.php\/servicii\/","title":{"rendered":"Servicii"},"content":{"rendered":"\n<p><\/p>\n\n\n\n<div class=\"wp-block-group\"><div class=\"wp-block-group__inner-container is-layout-flow wp-block-group-is-layout-flow\">\n<ul class=\"wp-block-list has-large-font-size\">\n<li><strong>Proiectare si Execu\u021bie Instala\u021bii Electrice Civile \u0219i Industriale<\/strong><\/li>\n<\/ul>\n\n\n\n<ul class=\"wp-block-list has-cyan-bluish-gray-background-color has-background has-medium-font-size\">\n<li>Pentru proiectare \u0219i\/sau execu\u021bie este necesar\u0103 o vizita care s\u0103 stabileasc\u0103 detaliile lucrarii, numarul de prize, l\u0103mpi, \u00eentrerup\u0103toare, tablouri, doze de legatur\u0103 etc. Urmare acestei vizite ve\u021bi primi un deviz cu pre\u021bul pentru fiecare opera\u021biune ce urmeaz\u0103 a se face in viitorul \u0219antier, precum \u0219i condi\u021biile de derulare a contractului \u0219i condi\u021biile de acordare a garan\u021biei<\/li>\n<\/ul>\n<\/div><\/div>\n\n\n\n<p><\/p>\n\n\n\n<div class=\"wp-block-group\"><div class=\"wp-block-group__inner-container is-layout-flow wp-block-group-is-layout-flow\">\n<div class=\"wp-block-group\"><div class=\"wp-block-group__inner-container is-layout-flow wp-block-group-is-layout-flow\">\n<ul class=\"wp-block-list has-large-font-size\">\n<li><strong>Execu\u021bie prize de p\u0103m\u00e2nt artificiale sau naturale<\/strong><\/li>\n<\/ul>\n\n\n\n<ul class=\"wp-block-list has-cyan-bluish-gray-background-color has-background has-medium-font-size\">\n<li>Pentru execu\u021bia prizelor de p\u0103m\u00e2nt <strong>naturale <\/strong>este <strong>obligatorie <\/strong>prezenta electricienilor \u00een \u0219antier \u00eenainte de cofrarea eleva\u021biei pentru a introduce platbanda pe pozi\u021bie. De aceea recomand\u0103m sa ne contacta\u021bi imediat sau \u00eenainte de turnarea betonului &#8222;mort&#8221; pentru a putea evalua situa\u021bia \u0219i stabili etapele de derulare a acestei activita\u021bi.Evident acest tip de priz\u0103 de p\u0103m\u00e2nt este cea mai bun\u0103 din punct de vedere tehnic \u0219i financiar, av\u00e2nd costuri mai mici fat\u0103 de priza de p\u0103m\u00e2nt artificiala.<\/li>\n<\/ul>\n\n\n\n<ul class=\"wp-block-list has-cyan-bluish-gray-background-color has-background has-medium-font-size\">\n<li><strong>Pentru execu\u021bia prizelor de p\u0103m\u00e2nt artificiale avem 2 op\u021biuni :<\/strong><\/li>\n<\/ul>\n\n\n\n<ul class=\"wp-block-list has-cyan-bluish-gray-background-color has-background has-medium-font-size\">\n<li>1. Priza de p\u0103m\u00e2nt care \u00eensumeaz\u0103 un num\u0103r de  minim 6 electrozi verticali \u0219i unul orizontal (platbanda care \u00eei leag\u0103). Evident c\u0103 se va stabili numarul de electrozi \u00een func\u021bie de rezistivitatea solului si necesitatea din teren, astfel putem avea un num\u0103r de electrozi care s\u0103  nu depaseasc\u0103 4 ohmi \u00een cazul \u00een care priza de p\u0103m\u00e2nt deserve\u0219te doar imobilul sau putem avea o priz\u0103 de p\u0103m\u00e2nt care s\u0103 nu depaseasc\u0103 1 ohm atunci c\u00e2nd dorim s\u0103 leg\u0103m la comun \u0219i un paratr\u0103znet.<\/li>\n<\/ul>\n\n\n\n<ul class=\"wp-block-list has-cyan-bluish-gray-background-color has-background has-medium-font-size\">\n<li>2. Priza de p\u0103m\u00e2nt \u00een ad\u00e2ncime. Acest tip de priz\u0103 se folose\u0219te \u00een general \u00een locurile unde nu avem curte deloc \u0219i singura solu\u021bie este \u00eentr-o pivni\u021ba sau o alee mic\u0103 unde putem introduce electrozi verticali cilindrici care se \u00eembina \u0219i astfel ajung \u00een ad\u00e2ncime pentru o dispersie c\u00e2t mai bun\u0103. \u00cen general un num\u0103r de 5-6 astfel de electrozi ar trebui sa satisfac\u0103 cerintele unei prize de p\u0103m\u00e2nt care s\u0103 deserveasca un imobil<\/li>\n<\/ul>\n\n\n\n<p><\/p>\n<\/div><\/div>\n<\/div><\/div>\n\n\n\n<div class=\"wp-block-group\"><div class=\"wp-block-group__inner-container is-layout-flow wp-block-group-is-layout-flow\">\n<ul class=\"wp-block-list has-large-font-size\">\n<li><strong>Interven\u021bii \u00cen Regim De Urgen\u021b\u0103<\/strong><\/li>\n<\/ul>\n\n\n\n<ul class=\"wp-block-list has-cyan-bluish-gray-background-color has-background has-medium-font-size\">\n<li>Pentru interven\u021biile \u00een regim de urgen\u021ba exist\u0103 o tax\u0103 de deplasare 100 lei \u00een intervalul 8-17 \u0219i o tax\u0103 de deplasare de 200 lei \u00een intervalul 18-08.<\/li>\n\n\n\n<li>Nu se poate stabili un pre\u021b pentru interven\u021bie la telefon deoarece nu putem \u0219ti ce opera\u021biuni vor desf\u0103sura colegii la fa\u021ba locului \u0219i ce echipamente vor folosi pentru remedierea situa\u021biei. Se poate achita contravaloarea interven\u021biei cash sau prin virament bancar cu dovada pla\u021bii.<\/li>\n<\/ul>\n<\/div><\/div>\n\n\n\n<div class=\"wp-block-group\"><div class=\"wp-block-group__inner-container is-layout-flow wp-block-group-is-layout-flow\">\n<ul class=\"wp-block-list has-large-font-size\">\n<li><strong>M\u0103suratori PRAM<\/strong><\/li>\n<\/ul>\n\n\n\n<ul class=\"wp-block-list has-cyan-bluish-gray-background-color has-background has-medium-font-size\">\n<li>Pentru c\u0103 m\u0103sur\u0103torile PRAM necesit\u0103 de obicei timp \u0219i r\u0103bdare, colabor\u0103m \u0219i cu alte pfa-uri \u0219i companii, care i\u0219i stabilesc pre\u021bul \u00een func\u021bie de complexitatea interven\u021biei \u0219i num\u0103rul de m\u0103sur\u0103tori efectuate \u00een teren. Astfel pre\u021bul se poate stabili numai dup\u0103 ce \u00een\u021belegem exact ce avem de f\u0103cut, astfel \u00eencat este obligatoriu sa ne vedem la fa\u021ba locului.<\/li>\n<\/ul>\n<\/div><\/div>\n\n\n\n<p><\/p>\n\n\n\n<div class=\"wp-block-group\"><div class=\"wp-block-group__inner-container is-layout-flow wp-block-group-is-layout-flow\">\n<ul class=\"wp-block-list has-large-font-size\">\n<li><strong>Instalare \u0219i mentenan\u021b\u0103 Panouri Fotovoltaice<\/strong><\/li>\n<\/ul>\n\n\n\n<div class=\"wp-block-group\"><div class=\"wp-block-group__inner-container is-layout-flow wp-block-group-is-layout-flow\">\n<div class=\"wp-block-group\"><div class=\"wp-block-group__inner-container is-layout-flow wp-block-group-is-layout-flow\">\n<ul class=\"wp-block-list has-cyan-bluish-gray-background-color has-background has-medium-font-size\">\n<li>Pentru c\u0103 dependen\u021ba de alte companii\/servicii devine o problem\u0103 pentru noi to\u021bi, de multe ori \u00eencerc\u0103m s\u0103 aducem \u00eembunat\u0103\u021biri, care s\u0103 reduc\u0103 efectiv, dependen\u021ba de serviciile altor companii si astfel, pentru partea de electric\u0103, venim \u00een sprijinul dumneavoastr\u0103, cu aceste panouri fotovoltaice, care s\u0103 reduc\u0103 consumul \u0219i de ce nu, s\u0103 aduc\u0103 \u0219i un profit \u00een viitor.<\/li>\n\n\n\n<li>Colabor\u0103m cu alte 3 companii, astfel \u00eenc\u00e2t, s\u0103 putem onora la timp, comenzile \u0219i implementarea solu\u021biilor, c\u00e2t mai urgent posibil.<\/li>\n<\/ul>\n<\/div><\/div>\n<\/div><\/div>\n<\/div><\/div>\n\n\n\n<p><\/p>\n\n\n\n<p><\/p>\n\n\n\n<h2 class=\"wp-block-heading has-medium-font-size\">Pentru deplas\u0103rile in Bucure\u0219ti-Ilfov percepem o tax\u0103 de 50 lei  , pentru deplas\u0103ri in \u021bara se negociaz\u0103 \u00een func\u021bie de proiect<\/h2>\n\n\n\n<p><\/p>\n","protected":false},"excerpt":{"rendered":"<p>Pentru deplas\u0103rile in Bucure\u0219ti-Ilfov percepem o tax\u0103 de 50 lei , pentru deplas\u0103ri in \u021bara se negociaz\u0103 \u00een func\u021bie de proiect<\/p>\n","protected":false},"author":1,"featured_media":0,"parent":0,"menu_order":0,"comment_status":"closed","ping_status":"closed","template":"","meta":{"footnotes":""},"class_list":["post-2","page","type-page","status-publish","hentry"],"_links":{"self":[{"href":"https:\/\/www.neicut.com\/index.php\/wp-json\/wp\/v2\/pages\/2","targetHints":{"allow":["GET"]}}],"collection":[{"href":"https:\/\/www.neicut.com\/index.php\/wp-json\/wp\/v2\/pages"}],"about":[{"href":"https:\/\/www.neicut.com\/index.php\/wp-json\/wp\/v2\/types\/page"}],"author":[{"embeddable":true,"href":"https:\/\/www.neicut.com\/index.php\/wp-json\/wp\/v2\/users\/1"}],"replies":[{"embeddable":true,"href":"https:\/\/www.neicut.com\/index.php\/wp-json\/wp\/v2\/comments?post=2"}],"version-history":[{"count":65,"href":"https:\/\/www.neicut.com\/index.php\/wp-json\/wp\/v2\/pages\/2\/revisions"}],"predecessor-version":[{"id":595,"href":"https:\/\/www.neicut.com\/index.php\/wp-json\/wp\/v2\/pages\/2\/revisions\/595"}],"wp:attachment":[{"href":"https:\/\/www.neicut.com\/index.php\/wp-json\/wp\/v2\/media?parent=2"}],"curies":[{"name":"wp","href":"https:\/\/api.w.org\/{rel}","templated":true}]}}